{"id":41,"date":"2024-02-26T10:16:59","date_gmt":"2024-02-26T09:16:59","guid":{"rendered":"https:\/\/ilvillaggiodelpassante.it\/opera\/WP\/?page_id=41"},"modified":"2024-08-05T16:44:54","modified_gmt":"2024-08-05T14:44:54","slug":"servizi","status":"publish","type":"page","link":"https:\/\/ilvillaggiodelpassante.it\/opera\/WP\/servizi\/","title":{"rendered":"Servizi"},"content":{"rendered":"\n<div class=\"wp-block-media-text has-media-on-the-right is-stacked-on-mobile\" style=\"grid-template-columns:auto 45%\"><div class=\"wp-block-media-text__content\">\n<h3 class=\"wp-block-heading\">Laboratorio di informatica<\/h3>\n\n\n\n<p>La tecnologia informatica con la sua diffusione capillare \u00e8 divenuta parte del quotidiano, trasformando dall\u2019interno ogni settore dell\u2019attivit\u00e0 umana, dalla diverse aree del sapere ai comparti produttivi.<br><br>La Scuola \u00e8 il luogo di elezione, in cui, sotto il profilo concettuale e pratico, si deve concretizzare lo sforzo verso il cambiamento e l\u2019innovazione consapevole.<\/p>\n<\/div><figure class=\"wp-block-media-text__media\"><img loading=\"lazy\" decoding=\"async\" width=\"300\" height=\"200\" src=\"https:\/\/ilvillaggiodelpassante.it\/opera\/WP\/wp-content\/uploads\/2024\/08\/laboratorio_informatica-300x200.jpg\" alt=\"\" class=\"wp-image-803 size-full\" srcset=\"https:\/\/ilvillaggiodelpassante.it\/opera\/WP\/wp-content\/uploads\/2024\/08\/laboratorio_informatica-300x200.jpg 300w, https:\/\/ilvillaggiodelpassante.it\/opera\/WP\/wp-content\/uploads\/2024\/08\/laboratorio_informatica-1024x683.jpg 1024w, https:\/\/ilvillaggiodelpassante.it\/opera\/WP\/wp-content\/uploads\/2024\/08\/laboratorio_informatica-768x512.jpg 768w, https:\/\/ilvillaggiodelpassante.it\/opera\/WP\/wp-content\/uploads\/2024\/08\/laboratorio_informatica-1536x1024.jpg 1536w, https:\/\/ilvillaggiodelpassante.it\/opera\/WP\/wp-content\/uploads\/2024\/08\/laboratorio_informatica.jpg 1920w\" sizes=\"auto, (max-width: 300px) 100vw, 300px\" \/><\/figure><\/div>\n\n\n\n<div class=\"wp-block-media-text is-stacked-on-mobile\" style=\"grid-template-columns:45% auto\"><figure class=\"wp-block-media-text__media\"><img loading=\"lazy\" decoding=\"async\" width=\"1024\" height=\"683\" src=\"https:\/\/ilvillaggiodelpassante.it\/opera\/WP\/wp-content\/uploads\/2024\/08\/laboratorio_musica-1024x683.jpg\" alt=\"\" class=\"wp-image-804 size-full\" srcset=\"https:\/\/ilvillaggiodelpassante.it\/opera\/WP\/wp-content\/uploads\/2024\/08\/laboratorio_musica-1024x683.jpg 1024w, https:\/\/ilvillaggiodelpassante.it\/opera\/WP\/wp-content\/uploads\/2024\/08\/laboratorio_musica-300x200.jpg 300w, https:\/\/ilvillaggiodelpassante.it\/opera\/WP\/wp-content\/uploads\/2024\/08\/laboratorio_musica-768x512.jpg 768w, https:\/\/ilvillaggiodelpassante.it\/opera\/WP\/wp-content\/uploads\/2024\/08\/laboratorio_musica-1536x1024.jpg 1536w, https:\/\/ilvillaggiodelpassante.it\/opera\/WP\/wp-content\/uploads\/2024\/08\/laboratorio_musica.jpg 1920w\" sizes=\"auto, (max-width: 1024px) 100vw, 1024px\" \/><\/figure><div class=\"wp-block-media-text__content\">\n<h3 class=\"wp-block-heading\">Laboratorio musicale<\/h3>\n\n\n\n<p>La musica \u00e8 la base di riferimento per tutte le attivit\u00e0 artistiche proposte dalla scuola\u2026<br><br>I bambini sviluppano le loro capacit\u00e0 canore, ritmiche ed espressive grazie alle lezioni settimanali che si svolgono in aula di musica, un locale di ampio respiro che permette grande libert\u00e0 di movimento.<\/p>\n<\/div><\/div>\n\n\n\n<div class=\"wp-block-media-text has-media-on-the-right is-stacked-on-mobile\" style=\"grid-template-columns:auto 45%\"><div class=\"wp-block-media-text__content\">\n<h3 class=\"wp-block-heading\">Laboratorio linguistico<\/h3>\n\n\n\n<p>I bambini hanno una particolare predisposizione all\u2019apprendimento delle lingue, riuscendo ad assimilare una grande quantit\u00e0 di termini che negli anni andranno poi consolidati.<\/p>\n<\/div><figure class=\"wp-block-media-text__media\"><img loading=\"lazy\" decoding=\"async\" width=\"1024\" height=\"578\" src=\"https:\/\/ilvillaggiodelpassante.it\/opera\/WP\/wp-content\/uploads\/2024\/08\/laboratorio_lingue-1024x578.jpg\" alt=\"\" class=\"wp-image-817 size-full\" srcset=\"https:\/\/ilvillaggiodelpassante.it\/opera\/WP\/wp-content\/uploads\/2024\/08\/laboratorio_lingue-1024x578.jpg 1024w, https:\/\/ilvillaggiodelpassante.it\/opera\/WP\/wp-content\/uploads\/2024\/08\/laboratorio_lingue-300x169.jpg 300w, https:\/\/ilvillaggiodelpassante.it\/opera\/WP\/wp-content\/uploads\/2024\/08\/laboratorio_lingue-768x433.jpg 768w, https:\/\/ilvillaggiodelpassante.it\/opera\/WP\/wp-content\/uploads\/2024\/08\/laboratorio_lingue-1536x866.jpg 1536w, https:\/\/ilvillaggiodelpassante.it\/opera\/WP\/wp-content\/uploads\/2024\/08\/laboratorio_lingue.jpg 1920w\" sizes=\"auto, (max-width: 1024px) 100vw, 1024px\" \/><\/figure><\/div>\n\n\n\n<div class=\"wp-block-media-text is-stacked-on-mobile\" style=\"grid-template-columns:45% auto\"><figure class=\"wp-block-media-text__media\"><img loading=\"lazy\" decoding=\"async\" width=\"1024\" height=\"683\" src=\"https:\/\/ilvillaggiodelpassante.it\/opera\/WP\/wp-content\/uploads\/2024\/08\/scienze-1024x683.jpg\" alt=\"\" class=\"wp-image-820 size-full\" srcset=\"https:\/\/ilvillaggiodelpassante.it\/opera\/WP\/wp-content\/uploads\/2024\/08\/scienze-1024x683.jpg 1024w, https:\/\/ilvillaggiodelpassante.it\/opera\/WP\/wp-content\/uploads\/2024\/08\/scienze-300x200.jpg 300w, https:\/\/ilvillaggiodelpassante.it\/opera\/WP\/wp-content\/uploads\/2024\/08\/scienze-768x512.jpg 768w, https:\/\/ilvillaggiodelpassante.it\/opera\/WP\/wp-content\/uploads\/2024\/08\/scienze.jpg 1440w\" sizes=\"auto, (max-width: 1024px) 100vw, 1024px\" \/><\/figure><div class=\"wp-block-media-text__content\">\n<h3 class=\"wp-block-heading\">Laboratorio di scienze<\/h3>\n\n\n\n<p>Articolato in quattro aree tematiche (scienze, matematica, storia e geografia), il laboratorio \u201cscientifico\u201d si propone di approfondire alcuni argomenti svolti nel programma attraverso un approccio pratico: manualit\u00e0 e creativit\u00e0 a servizio della curiosit\u00e0 dei ragazzi.<br>Il laboratorio \u00e8 fornito di:<\/p>\n\n\n\n<ul class=\"wp-block-list\">\n<li>LIM<\/li>\n\n\n\n<li>Stampante 3D<\/li>\n\n\n\n<li>Microscopio digitale<\/li>\n<\/ul>\n<\/div><\/div>\n\n\n\n<div class=\"wp-block-media-text has-media-on-the-right is-stacked-on-mobile\" style=\"grid-template-columns:auto 45%\"><div class=\"wp-block-media-text__content\">\n<h3 class=\"wp-block-heading\">Laboratorio motorio e sportivo<\/h3>\n\n\n\n<p>Le attivit\u00e0 motorie e sportive favoriscono l\u2019acquisizione da parte degli allievi della scuola primaria di un grande bagaglio di abilit\u00e0 motorie che contribuiscono allo sviluppo globale della loro personalit\u00e0 considerata non solo sotto il profilo fisico, ma anche cognitivo, affettivo e sociale.<\/p>\n<\/div><figure class=\"wp-block-media-text__media\"><img loading=\"lazy\" decoding=\"async\" width=\"1024\" height=\"683\" src=\"https:\/\/ilvillaggiodelpassante.it\/opera\/WP\/wp-content\/uploads\/2024\/08\/palestra-1024x683.jpg\" alt=\"\" class=\"wp-image-823 size-full\" srcset=\"https:\/\/ilvillaggiodelpassante.it\/opera\/WP\/wp-content\/uploads\/2024\/08\/palestra-1024x683.jpg 1024w, https:\/\/ilvillaggiodelpassante.it\/opera\/WP\/wp-content\/uploads\/2024\/08\/palestra-300x200.jpg 300w, https:\/\/ilvillaggiodelpassante.it\/opera\/WP\/wp-content\/uploads\/2024\/08\/palestra-768x512.jpg 768w, https:\/\/ilvillaggiodelpassante.it\/opera\/WP\/wp-content\/uploads\/2024\/08\/palestra-1536x1024.jpg 1536w, https:\/\/ilvillaggiodelpassante.it\/opera\/WP\/wp-content\/uploads\/2024\/08\/palestra.jpg 1920w\" sizes=\"auto, (max-width: 1024px) 100vw, 1024px\" \/><\/figure><\/div>\n\n\n\n<div class=\"wp-block-media-text is-stacked-on-mobile\" style=\"grid-template-columns:45% auto\"><figure class=\"wp-block-media-text__media\"><img loading=\"lazy\" decoding=\"async\" width=\"1024\" height=\"683\" src=\"https:\/\/ilvillaggiodelpassante.it\/opera\/WP\/wp-content\/uploads\/2024\/08\/aula_mensa-1024x683.jpg\" alt=\"\" class=\"wp-image-825 size-full\" srcset=\"https:\/\/ilvillaggiodelpassante.it\/opera\/WP\/wp-content\/uploads\/2024\/08\/aula_mensa-1024x683.jpg 1024w, https:\/\/ilvillaggiodelpassante.it\/opera\/WP\/wp-content\/uploads\/2024\/08\/aula_mensa-300x200.jpg 300w, https:\/\/ilvillaggiodelpassante.it\/opera\/WP\/wp-content\/uploads\/2024\/08\/aula_mensa-768x512.jpg 768w, https:\/\/ilvillaggiodelpassante.it\/opera\/WP\/wp-content\/uploads\/2024\/08\/aula_mensa-1536x1024.jpg 1536w, https:\/\/ilvillaggiodelpassante.it\/opera\/WP\/wp-content\/uploads\/2024\/08\/aula_mensa.jpg 1920w\" sizes=\"auto, (max-width: 1024px) 100vw, 1024px\" \/><\/figure><div class=\"wp-block-media-text__content\">\n<h3 class=\"wp-block-heading\">Mensa<\/h3>\n\n\n\n<p>La mensa \u00e8 gestita dalla ditta AMIS s.r.l. con sede a Oggiono (Lc). Il pranzo \u00e8 preparato in loco ed \u00e8 cucinato dalle abili mani di una cuoca. Il men\u00f9 \u00e8 vario e studiato da un&#8217;equipe di dietisti.<\/p>\n\n\n\n<p><em>Per maggiori info: <a href=\"https:\/\/scuolabarolo.it\/amis.pdf\">allegato<\/a>.<\/em><\/p>\n<\/div><\/div>\n\n\n\n<div class=\"wp-block-media-text has-media-on-the-right is-stacked-on-mobile\" style=\"grid-template-columns:auto 45%\"><div class=\"wp-block-media-text__content\">\n<h3 class=\"wp-block-heading\">Aula di potenziamento<\/h3>\n\n\n\n<p>I bambini hanno la possibilit\u00e0 di essere accolti a scuola prima dell\u2019inizio delle lezioni alle ore 07.30.<br>E&#8217; altrettanto possibile permanere a scuola dopo il termine delle lezioni dalle ore 16.00 alle ore 17.30, gestito da personale qualificato dell\u2019Associazione &#8220;GLI AMICI DI GIOVANNI&#8221; ONLUS.<\/p>\n<\/div><figure class=\"wp-block-media-text__media\"><img loading=\"lazy\" decoding=\"async\" width=\"1024\" height=\"683\" src=\"https:\/\/ilvillaggiodelpassante.it\/opera\/WP\/wp-content\/uploads\/2024\/08\/pre_postscuola-1024x683.jpg\" alt=\"\" class=\"wp-image-828 size-full\" srcset=\"https:\/\/ilvillaggiodelpassante.it\/opera\/WP\/wp-content\/uploads\/2024\/08\/pre_postscuola-1024x683.jpg 1024w, https:\/\/ilvillaggiodelpassante.it\/opera\/WP\/wp-content\/uploads\/2024\/08\/pre_postscuola-300x200.jpg 300w, https:\/\/ilvillaggiodelpassante.it\/opera\/WP\/wp-content\/uploads\/2024\/08\/pre_postscuola-768x512.jpg 768w, https:\/\/ilvillaggiodelpassante.it\/opera\/WP\/wp-content\/uploads\/2024\/08\/pre_postscuola-1536x1025.jpg 1536w, https:\/\/ilvillaggiodelpassante.it\/opera\/WP\/wp-content\/uploads\/2024\/08\/pre_postscuola.jpg 1920w\" sizes=\"auto, (max-width: 1024px) 100vw, 1024px\" \/><\/figure><\/div>\n\n\n\n<p><\/p>\n\n\n\n<p><\/p>\n\n\n\n<p><\/p>\n\n\n\n<p><\/p>\n\n\n\n<p><\/p>\n","protected":false},"excerpt":{"rendered":"<p>Laboratorio di informatica La tecnologia informatica con la sua diffusione capillare \u00e8 divenuta parte del quotidiano, trasformando dall\u2019interno ogni settore dell\u2019attivit\u00e0 umana, dalla diverse aree del sapere ai comparti produttivi. La Scuola \u00e8 il luogo di elezione, in cui, sotto il profilo concettuale e pratico, si deve concretizzare lo sforzo verso il cambiamento e l\u2019innovazione [&hellip;]<\/p>\n","protected":false},"author":1,"featured_media":876,"parent":0,"menu_order":0,"comment_status":"closed","ping_status":"closed","template":"","meta":{"_stopmodifiedupdate":false,"_modified_date":"","_uag_custom_page_level_css":"","_lmt_disableupdate":"","_lmt_disable":"","cybocfi_hide_featured_image":"","footnotes":""},"class_list":["post-41","page","type-page","status-publish","has-post-thumbnail","hentry"],"uagb_featured_image_src":{"full":["https:\/\/ilvillaggiodelpassante.it\/opera\/WP\/wp-content\/uploads\/2024\/08\/deleece-cook-zzjLGF_6dx4-unsplash-scaled.jpg",2560,1707,false],"thumbnail":["https:\/\/ilvillaggiodelpassante.it\/opera\/WP\/wp-content\/uploads\/2024\/08\/deleece-cook-zzjLGF_6dx4-unsplash-150x150.jpg",150,150,true],"medium":["https:\/\/ilvillaggiodelpassante.it\/opera\/WP\/wp-content\/uploads\/2024\/08\/deleece-cook-zzjLGF_6dx4-unsplash-300x200.jpg",300,200,true],"medium_large":["https:\/\/ilvillaggiodelpassante.it\/opera\/WP\/wp-content\/uploads\/2024\/08\/deleece-cook-zzjLGF_6dx4-unsplash-768x512.jpg",525,350,true],"large":["https:\/\/ilvillaggiodelpassante.it\/opera\/WP\/wp-content\/uploads\/2024\/08\/deleece-cook-zzjLGF_6dx4-unsplash-1024x683.jpg",525,350,true],"1536x1536":["https:\/\/ilvillaggiodelpassante.it\/opera\/WP\/wp-content\/uploads\/2024\/08\/deleece-cook-zzjLGF_6dx4-unsplash-1536x1024.jpg",1536,1024,true],"2048x2048":["https:\/\/ilvillaggiodelpassante.it\/opera\/WP\/wp-content\/uploads\/2024\/08\/deleece-cook-zzjLGF_6dx4-unsplash-2048x1366.jpg",2048,1366,true],"forest-nature-featured-image":["https:\/\/ilvillaggiodelpassante.it\/opera\/WP\/wp-content\/uploads\/2024\/08\/deleece-cook-zzjLGF_6dx4-unsplash-2000x1200.jpg",2000,1200,true],"forest-nature-thumbnail-avatar":["https:\/\/ilvillaggiodelpassante.it\/opera\/WP\/wp-content\/uploads\/2024\/08\/deleece-cook-zzjLGF_6dx4-unsplash-100x100.jpg",100,100,true]},"uagb_author_info":{"display_name":"Admin","author_link":"https:\/\/ilvillaggiodelpassante.it\/opera\/WP\/author\/admin\/"},"uagb_comment_info":0,"uagb_excerpt":"Laboratorio di informatica La tecnologia informatica con la sua diffusione capillare \u00e8 divenuta parte del quotidiano, trasformando dall\u2019interno ogni settore dell\u2019attivit\u00e0 umana, dalla diverse aree del sapere ai comparti produttivi. La Scuola \u00e8 il luogo di elezione, in cui, sotto il profilo concettuale e pratico, si deve concretizzare lo sforzo verso il cambiamento e l\u2019innovazione&hellip;","_links":{"self":[{"href":"https:\/\/ilvillaggiodelpassante.it\/opera\/WP\/wp-json\/wp\/v2\/pages\/41","targetHints":{"allow":["GET"]}}],"collection":[{"href":"https:\/\/ilvillaggiodelpassante.it\/opera\/WP\/wp-json\/wp\/v2\/pages"}],"about":[{"href":"https:\/\/ilvillaggiodelpassante.it\/opera\/WP\/wp-json\/wp\/v2\/types\/page"}],"author":[{"embeddable":true,"href":"https:\/\/ilvillaggiodelpassante.it\/opera\/WP\/wp-json\/wp\/v2\/users\/1"}],"replies":[{"embeddable":true,"href":"https:\/\/ilvillaggiodelpassante.it\/opera\/WP\/wp-json\/wp\/v2\/comments?post=41"}],"version-history":[{"count":32,"href":"https:\/\/ilvillaggiodelpassante.it\/opera\/WP\/wp-json\/wp\/v2\/pages\/41\/revisions"}],"predecessor-version":[{"id":877,"href":"https:\/\/ilvillaggiodelpassante.it\/opera\/WP\/wp-json\/wp\/v2\/pages\/41\/revisions\/877"}],"wp:featuredmedia":[{"embeddable":true,"href":"https:\/\/ilvillaggiodelpassante.it\/opera\/WP\/wp-json\/wp\/v2\/media\/876"}],"wp:attachment":[{"href":"https:\/\/ilvillaggiodelpassante.it\/opera\/WP\/wp-json\/wp\/v2\/media?parent=41"}],"curies":[{"name":"wp","href":"https:\/\/api.w.org\/{rel}","templated":true}]}}